{"id":13903,"date":"2021-06-22T08:07:10","date_gmt":"2021-06-22T08:07:10","guid":{"rendered":"http:\/\/gruptravi.bcntic.com\/?page_id=13903"},"modified":"2026-04-07T11:52:24","modified_gmt":"2026-04-07T10:52:24","slug":"xalet-de-montjuic","status":"publish","type":"page","link":"https:\/\/gruptravi.com\/es\/xalet-de-montjuic\/","title":{"rendered":"Xalet de Montjuic"},"content":{"rendered":"<div class=\"row \"><div class=\"vamtam-grid grid-1-1  vamtam-first-level grid-1-1  first has-background extended no-extended-padding\" style=\"background-color:#F5F3F0;padding-top:0.05px;padding-bottom:0.05px;\" id=\"vamtam-column-0e99333ca7a384b2ebf46315207c84c4\" ><div class=\"limit-wrapper\"><div class=\"extended-column-inner\"><style>#vamtam-column-0e99333ca7a384b2ebf46315207c84c4,#vamtam-column-0e99333ca7a384b2ebf46315207c84c4 p,#vamtam-column-0e99333ca7a384b2ebf46315207c84c4 em,#vamtam-column-0e99333ca7a384b2ebf46315207c84c4 h1,#vamtam-column-0e99333ca7a384b2ebf46315207c84c4 h2,#vamtam-column-0e99333ca7a384b2ebf46315207c84c4 h3,#vamtam-column-0e99333ca7a384b2ebf46315207c84c4 h4,#vamtam-column-0e99333ca7a384b2ebf46315207c84c4 h5,#vamtam-column-0e99333ca7a384b2ebf46315207c84c4 h6,#vamtam-column-0e99333ca7a384b2ebf46315207c84c4 h1 a:not(:hover),#vamtam-column-0e99333ca7a384b2ebf46315207c84c4 h2 a:not(:hover),#vamtam-column-0e99333ca7a384b2ebf46315207c84c4 h3 a:not(:hover),#vamtam-column-0e99333ca7a384b2ebf46315207c84c4 h4 a:not(:hover),#vamtam-column-0e99333ca7a384b2ebf46315207c84c4 h5 a:not(:hover),#vamtam-column-0e99333ca7a384b2ebf46315207c84c4 h6 a:not(:hover),#vamtam-column-0e99333ca7a384b2ebf46315207c84c4 .column-title,#vamtam-column-0e99333ca7a384b2ebf46315207c84c4 .sep-text h2.regular-title-wrapper,#vamtam-column-0e99333ca7a384b2ebf46315207c84c4 .text-divider-double,#vamtam-column-0e99333ca7a384b2ebf46315207c84c4 .sep-text .sep-text-line,#vamtam-column-0e99333ca7a384b2ebf46315207c84c4 .sep,#vamtam-column-0e99333ca7a384b2ebf46315207c84c4 .sep-2,#vamtam-column-0e99333ca7a384b2ebf46315207c84c4 .sep-3,#vamtam-column-0e99333ca7a384b2ebf46315207c84c4 .portfolio-filters .inner-wrapper .cbp-filter-item,#vamtam-column-0e99333ca7a384b2ebf46315207c84c4 .portfolio-filters .inner-wrapper .cbp-filter-item:hover,#vamtam-column-0e99333ca7a384b2ebf46315207c84c4 .portfolio-filters .inner-wrapper .cbp-filter-item.cbp-filter-item-active,#vamtam-column-0e99333ca7a384b2ebf46315207c84c4 td,#vamtam-column-0e99333ca7a384b2ebf46315207c84c4 th,#vamtam-column-0e99333ca7a384b2ebf46315207c84c4 caption{color:#272727;}<\/style><div class=\"vamtam-blank-space  vamtam-hide-lowres\" style=\"margin-bottom:-81px\"><\/div>\n<div class=\"row \"><div class=\"vamtam-grid grid-1-3  grid-1-3  first unextended no-extended-padding\" style=\"padding-top:0.05px;padding-bottom:0.05px;\" id=\"vamtam-column-968494e465a21ccdf34ec4022263371e\" ><span class=\"vamtam-blank-space  vamtam-hide-lowres\" style=\"height:260px\"><\/span>\n<img decoding=\"async\" class=\"size-full wp-image-11314 alignno aligncenter\" src=\"\/wp-content\/uploads\/2021\/07\/cheff.png\" alt=\"contacta\" width=\"250\" height=\"auto\" \/><\/p>\n<h4 style=\"text-align: center;\">Nuestro horario<\/h4>\n<p style=\"text-align: center;\"><span class=\"vamtam-blank-space  vamtam-hide-lowres\" style=\"height:5px\"><\/span>\nDe Lunes a Domingo<br \/>\nHorario de cocina<br \/>\n13:00 \u2013 15:30h.<br \/>\n19:00 \u2013 22:30h.<\/p>\n<p style=\"text-align: center;\">De Lunes a Domingo<br \/>\nHorario de restaurante<br \/>\n13:00 \u2013 17:30h.<br \/>\n19:00 \u2013 00:30h.<\/p>\n<span class=\"vamtam-blank-space \" style=\"height:60px\"><\/span><\/div>\n<div class=\"vamtam-grid grid-1-3  grid-1-3  vamtam-hide-bg-lowres has-background unextended no-extended-padding\" style=\"\n\t\t\t\tbackground: url( &#039;http:\/\/gruptravi.com\/wp-content\/uploads\/2021\/07\/el-xalet-01-medium.png&#039; ) no-repeat center top;\n\t\t\t\tbackground-size: auto;\n\t\t\tbackground-attachment: scroll;padding-top:0.05px;padding-bottom:60px;\" id=\"vamtam-column-bc8e4cb63b45b823db167b26cbe0207c\" ><div class=\"row \"><div class=\"vamtam-grid grid-1-1  grid-1-1 vamtam-add-ornaments-all first has-background unextended no-extended-padding\" style=\"background-color:#ffffff;padding-top:0.05px;padding-bottom:20px;\" id=\"vamtam-column-08b9583467ffcf09e7baed1542a9a6d6\" ><style>#vamtam-column-08b9583467ffcf09e7baed1542a9a6d6,#vamtam-column-08b9583467ffcf09e7baed1542a9a6d6 p,#vamtam-column-08b9583467ffcf09e7baed1542a9a6d6 em,#vamtam-column-08b9583467ffcf09e7baed1542a9a6d6 h1,#vamtam-column-08b9583467ffcf09e7baed1542a9a6d6 h2,#vamtam-column-08b9583467ffcf09e7baed1542a9a6d6 h3,#vamtam-column-08b9583467ffcf09e7baed1542a9a6d6 h4,#vamtam-column-08b9583467ffcf09e7baed1542a9a6d6 h5,#vamtam-column-08b9583467ffcf09e7baed1542a9a6d6 h6,#vamtam-column-08b9583467ffcf09e7baed1542a9a6d6 h1 a:not(:hover),#vamtam-column-08b9583467ffcf09e7baed1542a9a6d6 h2 a:not(:hover),#vamtam-column-08b9583467ffcf09e7baed1542a9a6d6 h3 a:not(:hover),#vamtam-column-08b9583467ffcf09e7baed1542a9a6d6 h4 a:not(:hover),#vamtam-column-08b9583467ffcf09e7baed1542a9a6d6 h5 a:not(:hover),#vamtam-column-08b9583467ffcf09e7baed1542a9a6d6 h6 a:not(:hover),#vamtam-column-08b9583467ffcf09e7baed1542a9a6d6 .column-title,#vamtam-column-08b9583467ffcf09e7baed1542a9a6d6 .sep-text h2.regular-title-wrapper,#vamtam-column-08b9583467ffcf09e7baed1542a9a6d6 .text-divider-double,#vamtam-column-08b9583467ffcf09e7baed1542a9a6d6 .sep-text .sep-text-line,#vamtam-column-08b9583467ffcf09e7baed1542a9a6d6 .sep,#vamtam-column-08b9583467ffcf09e7baed1542a9a6d6 .sep-2,#vamtam-column-08b9583467ffcf09e7baed1542a9a6d6 .sep-3,#vamtam-column-08b9583467ffcf09e7baed1542a9a6d6 .portfolio-filters .inner-wrapper .cbp-filter-item,#vamtam-column-08b9583467ffcf09e7baed1542a9a6d6 .portfolio-filters .inner-wrapper .cbp-filter-item:hover,#vamtam-column-08b9583467ffcf09e7baed1542a9a6d6 .portfolio-filters .inner-wrapper .cbp-filter-item.cbp-filter-item-active,#vamtam-column-08b9583467ffcf09e7baed1542a9a6d6 td,#vamtam-column-08b9583467ffcf09e7baed1542a9a6d6 th,#vamtam-column-08b9583467ffcf09e7baed1542a9a6d6 caption{color:#333;}#vamtam-column-08b9583467ffcf09e7baed1542a9a6d6:before{background-color:#fff;}#vamtam-column-08b9583467ffcf09e7baed1542a9a6d6:after{background-color:#fff;}<\/style><div class=\"row \"><div class=\"vamtam-grid grid-1-1  grid-1-1 vamtam-add-ornaments-top first has-background unextended no-extended-padding\" style=\"background-color:#174477;padding-top:10px;padding-bottom:10px;\" id=\"vamtam-column-20c3d156086b5730a35a2f62da324f18\" ><style>#vamtam-column-20c3d156086b5730a35a2f62da324f18,#vamtam-column-20c3d156086b5730a35a2f62da324f18 p,#vamtam-column-20c3d156086b5730a35a2f62da324f18 em,#vamtam-column-20c3d156086b5730a35a2f62da324f18 h1,#vamtam-column-20c3d156086b5730a35a2f62da324f18 h2,#vamtam-column-20c3d156086b5730a35a2f62da324f18 h3,#vamtam-column-20c3d156086b5730a35a2f62da324f18 h4,#vamtam-column-20c3d156086b5730a35a2f62da324f18 h5,#vamtam-column-20c3d156086b5730a35a2f62da324f18 h6,#vamtam-column-20c3d156086b5730a35a2f62da324f18 h1 a:not(:hover),#vamtam-column-20c3d156086b5730a35a2f62da324f18 h2 a:not(:hover),#vamtam-column-20c3d156086b5730a35a2f62da324f18 h3 a:not(:hover),#vamtam-column-20c3d156086b5730a35a2f62da324f18 h4 a:not(:hover),#vamtam-column-20c3d156086b5730a35a2f62da324f18 h5 a:not(:hover),#vamtam-column-20c3d156086b5730a35a2f62da324f18 h6 a:not(:hover),#vamtam-column-20c3d156086b5730a35a2f62da324f18 .column-title,#vamtam-column-20c3d156086b5730a35a2f62da324f18 .sep-text h2.regular-title-wrapper,#vamtam-column-20c3d156086b5730a35a2f62da324f18 .text-divider-double,#vamtam-column-20c3d156086b5730a35a2f62da324f18 .sep-text .sep-text-line,#vamtam-column-20c3d156086b5730a35a2f62da324f18 .sep,#vamtam-column-20c3d156086b5730a35a2f62da324f18 .sep-2,#vamtam-column-20c3d156086b5730a35a2f62da324f18 .sep-3,#vamtam-column-20c3d156086b5730a35a2f62da324f18 .portfolio-filters .inner-wrapper .cbp-filter-item,#vamtam-column-20c3d156086b5730a35a2f62da324f18 .portfolio-filters .inner-wrapper .cbp-filter-item:hover,#vamtam-column-20c3d156086b5730a35a2f62da324f18 .portfolio-filters .inner-wrapper .cbp-filter-item.cbp-filter-item-active,#vamtam-column-20c3d156086b5730a35a2f62da324f18 td,#vamtam-column-20c3d156086b5730a35a2f62da324f18 th,#vamtam-column-20c3d156086b5730a35a2f62da324f18 caption{color:#fff;}#vamtam-column-20c3d156086b5730a35a2f62da324f18:before{background-color:#174477;}<\/style><div class=\"row \"><div class=\"vamtam-grid grid-1-1  grid-1-1  first unextended no-extended-padding\" style=\"padding-top:0.05px;padding-bottom:0.05px;\" id=\"vamtam-column-71133ce1d6e885bd71fa261f4e988281\" ><h4 style=\"text-align: center;\">CONTACTA<\/h4><\/div><\/div><\/div><\/div>\n<div class=\"row \"><div class=\"vamtam-grid grid-1-1  grid-1-1  first unextended animation-fade-in animated-active no-extended-padding\" style=\"padding-top:0.05px;padding-bottom:0.05px;\" id=\"vamtam-column-8436cfceafe9dad83d147f81e1ab2723\" ><span class=\"vamtam-blank-space  vamtam-hide-lowres\" style=\"height:30px\"><\/span>\n<p style=\"text-align: center;\">Av. Miramar 31 08038 Barcelona<\/p>\n<h4 style=\"text-align: center;\">T. 93 324 92 70<\/h4>\n<p style=\"text-align: center;\"><span class=\"vamtam-blank-space  vamtam-hide-lowres\" style=\"height:5px\"><\/span>\n<p style=\"text-align: center;\"><a href=\"https:\/\/xaletdemontjuic.com\/\">El Xalet de Montju\u00efc &#8211; Restaurante Barcelona<\/a><\/p>\n<div class=\"ver-restaurante\" style=\"text-align: center;\"><a href=\"https:\/\/xaletdemontjuic.com\" target=\"_blank\" rel=\"noopener\">Ver restaurante<\/a><\/div><\/div><\/div><\/div><\/div>\n<div class=\"vamtam-blank-space  vamtam-hide-lowres\" style=\"height:420px\"><\/div>\n<div class=\"row \"><div class=\"vamtam-grid grid-1-1  grid-1-1  first unextended animation-from-left animated-active no-extended-padding\" style=\"padding-top:0.05px;padding-bottom:0.05px;\" id=\"vamtam-column-3e48cc9f5723b73c2dfb69c260f9e9c2\" ><h4 style=\"text-align: center;\"><strong><em>REGALA XALET<\/em><\/strong><\/h4>\n<p><a href=\"https:\/\/gruptravi.com\/wp-content\/uploads\/2024\/03\/Menu-Cheque-regalo-Xalet-de-Montjuic.pdf\"><img loading=\"lazy\" decoding=\"async\" class=\"size-medium wp-image-16650 aligncenter\" src=\"https:\/\/gruptravi.com\/wp-content\/uploads\/2024\/03\/Portada-CAST-min-300x213.png\" alt=\"\" width=\"300\" height=\"213\" srcset=\"https:\/\/gruptravi.com\/wp-content\/uploads\/2024\/03\/Portada-CAST-min-300x213.png 300w, https:\/\/gruptravi.com\/wp-content\/uploads\/2024\/03\/Portada-CAST-min-1024x726.png 1024w, https:\/\/gruptravi.com\/wp-content\/uploads\/2024\/03\/Portada-CAST-min-1536x1090.png 1536w, https:\/\/gruptravi.com\/wp-content\/uploads\/2024\/03\/Portada-CAST-min-1260x894.png 1260w, https:\/\/gruptravi.com\/wp-content\/uploads\/2024\/03\/Portada-CAST-min-615x436.png 615w, https:\/\/gruptravi.com\/wp-content\/uploads\/2024\/03\/Portada-CAST-min-1230x873.png 1230w, https:\/\/gruptravi.com\/wp-content\/uploads\/2024\/03\/Portada-CAST-min-400x284.png 400w, https:\/\/gruptravi.com\/wp-content\/uploads\/2024\/03\/Portada-CAST-min-800x568.png 800w, https:\/\/gruptravi.com\/wp-content\/uploads\/2024\/03\/Portada-CAST-min-292x207.png 292w, https:\/\/gruptravi.com\/wp-content\/uploads\/2024\/03\/Portada-CAST-min-585x415.png 585w, https:\/\/gruptravi.com\/wp-content\/uploads\/2024\/03\/Portada-CAST-min.png 1748w\" sizes=\"(max-width: 300px) 100vw, 300px\" \/><\/a><\/p><\/div><\/div><\/div>\n<div class=\"vamtam-grid grid-1-3  grid-1-3  unextended no-extended-padding\" style=\"padding-top:0.05px;padding-bottom:0.05px;\" id=\"vamtam-column-ad2079e7d5fb6fb87daa8d8cad6feb2e\" ><span class=\"vamtam-blank-space  vamtam-hide-lowres\" style=\"height:260px\"><\/span>\n<img decoding=\"async\" class=\"size-full wp-image-11315 aligncenter\" src=\"\/wp-content\/uploads\/2021\/07\/social-1.png\" alt=\"social\" width=\"250\" height=\"auto\" \/><\/p>\n<h4 style=\"text-align: center;\">Nuestras redes sociales<\/h4>\n<p style=\"text-align: center;\"><span class=\"vamtam-blank-space  vamtam-hide-lowres\" style=\"height:5px\"><\/span>\n<a href=\"https:\/\/www.facebook.com\/xaletdemontjuic\/\" target=\"_blank\" rel=\"noopener\">Facebook<\/a> | <a href=\"https:\/\/www.instagram.com\/xaletdemontjuic\/\" target=\"_blank\" rel=\"noopener\">Instagram<\/a><\/p>\n<p><a href=\"https:\/\/www.tripadvisor.es\/Restaurant_Review-g187497-d2291674-Reviews-El_Xalet_de_Montjuic-Barcelona_Catalonia.html\" target=\"_blank\" rel=\"noopener\"><img decoding=\"async\" class=\"aligncenter\" src=\"\/wp-content\/uploads\/2021\/06\/tripadvisor-svg.svg\" alt=\"tripadvisor-logo\" width=\"180px;\" \/><\/a><br \/>\n<span class=\"vamtam-blank-space \" style=\"height:60px\"><\/span><\/div><\/div><\/div><\/div><\/div><\/div>\n<div class=\"row \"><div class=\"vamtam-grid grid-1-1 vamtam-add-ornaments-all vamtam-first-level grid-1-1  first has-background extended no-extended-padding\" style=\"background-color:#ffffff;padding-top:20px;padding-bottom:20px;\" id=\"vamtam-column-a097dda0a84cbe7294f55e5183be89f3\" ><div class=\"limit-wrapper\"><div class=\"extended-column-inner\"><style>#vamtam-column-a097dda0a84cbe7294f55e5183be89f3,#vamtam-column-a097dda0a84cbe7294f55e5183be89f3 p,#vamtam-column-a097dda0a84cbe7294f55e5183be89f3 em,#vamtam-column-a097dda0a84cbe7294f55e5183be89f3 h1,#vamtam-column-a097dda0a84cbe7294f55e5183be89f3 h2,#vamtam-column-a097dda0a84cbe7294f55e5183be89f3 h3,#vamtam-column-a097dda0a84cbe7294f55e5183be89f3 h4,#vamtam-column-a097dda0a84cbe7294f55e5183be89f3 h5,#vamtam-column-a097dda0a84cbe7294f55e5183be89f3 h6,#vamtam-column-a097dda0a84cbe7294f55e5183be89f3 h1 a:not(:hover),#vamtam-column-a097dda0a84cbe7294f55e5183be89f3 h2 a:not(:hover),#vamtam-column-a097dda0a84cbe7294f55e5183be89f3 h3 a:not(:hover),#vamtam-column-a097dda0a84cbe7294f55e5183be89f3 h4 a:not(:hover),#vamtam-column-a097dda0a84cbe7294f55e5183be89f3 h5 a:not(:hover),#vamtam-column-a097dda0a84cbe7294f55e5183be89f3 h6 a:not(:hover),#vamtam-column-a097dda0a84cbe7294f55e5183be89f3 .column-title,#vamtam-column-a097dda0a84cbe7294f55e5183be89f3 .sep-text h2.regular-title-wrapper,#vamtam-column-a097dda0a84cbe7294f55e5183be89f3 .text-divider-double,#vamtam-column-a097dda0a84cbe7294f55e5183be89f3 .sep-text .sep-text-line,#vamtam-column-a097dda0a84cbe7294f55e5183be89f3 .sep,#vamtam-column-a097dda0a84cbe7294f55e5183be89f3 .sep-2,#vamtam-column-a097dda0a84cbe7294f55e5183be89f3 .sep-3,#vamtam-column-a097dda0a84cbe7294f55e5183be89f3 .portfolio-filters .inner-wrapper .cbp-filter-item,#vamtam-column-a097dda0a84cbe7294f55e5183be89f3 .portfolio-filters .inner-wrapper .cbp-filter-item:hover,#vamtam-column-a097dda0a84cbe7294f55e5183be89f3 .portfolio-filters .inner-wrapper .cbp-filter-item.cbp-filter-item-active,#vamtam-column-a097dda0a84cbe7294f55e5183be89f3 td,#vamtam-column-a097dda0a84cbe7294f55e5183be89f3 th,#vamtam-column-a097dda0a84cbe7294f55e5183be89f3 caption{color:#333;}#vamtam-column-a097dda0a84cbe7294f55e5183be89f3:before{background-color:#fff;}#vamtam-column-a097dda0a84cbe7294f55e5183be89f3:after{background-color:#fff;}<\/style><div class=\"vamtam-blank-space  vamtam-hide-lowres\" style=\"height:60px\"><\/div>\n<div class=\"row \"><div class=\"vamtam-grid grid-1-6  grid-1-6  first unextended has-extended-padding\" style=\"padding-top:0.05px;padding-bottom:0.05px;\" id=\"vamtam-column-145a47c462d032ab4c5cbf199cc00cb6\" ><\/div>\n<div class=\"vamtam-grid grid-2-3  grid-2-3  unextended animation-fade-in animated-active no-extended-padding\" style=\"padding-top:0.05px;padding-bottom:0.05px;\" id=\"vamtam-column-e7525c4d4b6180078dada447a97d61c7\" ><h4 style=\"text-align: center;\">Bienvenido al Xalet de Montju\u00efc<\/h4>\n<span class=\"vamtam-blank-space  vamtam-hide-lowres\" style=\"height:10px\"><\/span>\n<p style=\"text-align: center;\">\u201cEl <strong>Xalet de Montju\u00efc<\/strong> ofrece una cocina mediterr\u00e1nea con toques de autor que combina creatividad y excelente materia prima en todos sus platos.<\/p>\n<p style=\"text-align: center;\">Lo que diferencia El Xalet de Montju\u00efc del resto, adem\u00e1s de su excelente calidad culinaria, son sus instalaciones. El restaurante consta de una gran terraza panor\u00e1mica y un sal\u00f3n giratorio desde donde poder disfrutar de sus espectaculares vistas a la ciudad de Barcelona. A trav\u00e9s de sus ventanales se puede observar un perfecto skyline de la ciudad entrelazado en un cielo inmensamente mediterr\u00e1neo..\u201d<\/p>\n<span class=\"vamtam-blank-space  vamtam-hide-lowres\" style=\"height:10px\"><\/span>\n<img loading=\"lazy\" decoding=\"async\" class=\"size-medium wp-image-13919 aligncenter\" src=\"http:\/\/gruptravi.com\/wp-content\/uploads\/2021\/06\/el-xalet-de-montjuic-logo-1-300x211.png\" alt=\"\" width=\"300\" height=\"211\" srcset=\"https:\/\/gruptravi.com\/wp-content\/uploads\/2021\/06\/el-xalet-de-montjuic-logo-1-300x211.png 300w, https:\/\/gruptravi.com\/wp-content\/uploads\/2021\/06\/el-xalet-de-montjuic-logo-1-615x432.png 615w, https:\/\/gruptravi.com\/wp-content\/uploads\/2021\/06\/el-xalet-de-montjuic-logo-1-400x281.png 400w, https:\/\/gruptravi.com\/wp-content\/uploads\/2021\/06\/el-xalet-de-montjuic-logo-1-800x562.png 800w, https:\/\/gruptravi.com\/wp-content\/uploads\/2021\/06\/el-xalet-de-montjuic-logo-1-292x205.png 292w, https:\/\/gruptravi.com\/wp-content\/uploads\/2021\/06\/el-xalet-de-montjuic-logo-1-585x411.png 585w, https:\/\/gruptravi.com\/wp-content\/uploads\/2021\/06\/el-xalet-de-montjuic-logo-1-600x422.png 600w, https:\/\/gruptravi.com\/wp-content\/uploads\/2021\/06\/el-xalet-de-montjuic-logo-1.png 899w\" sizes=\"(max-width: 300px) 100vw, 300px\" \/><\/p><\/div><\/div>\n<div class=\"vamtam-blank-space \" style=\"height:60px\"><\/div><\/div><\/div><\/div><\/div>\n<div class=\"row \"><div class=\"vamtam-grid grid-1-1  vamtam-first-level grid-1-1  first vamtam-cover-bg has-background extended no-extended-padding\" style=\"\n\t\t\t\tbackground: url( &#039;http:\/\/gruptravi.com\/wp-content\/uploads\/2021\/06\/ElXalet_Local_Dia-3.jpg&#039; ) no-repeat ;\n\t\t\t\tbackground-size: cover;\n\t\t\tbackground-attachment: fixed;background-color:#4a4a4a;padding-top:80px;padding-bottom:80px;\" id=\"vamtam-column-ad385fb75c871ef65ef1dcd550c814b9\" ><div class=\"limit-wrapper\"><div class=\"extended-column-inner\"><style>#vamtam-column-ad385fb75c871ef65ef1dcd550c814b9,#vamtam-column-ad385fb75c871ef65ef1dcd550c814b9 p,#vamtam-column-ad385fb75c871ef65ef1dcd550c814b9 em,#vamtam-column-ad385fb75c871ef65ef1dcd550c814b9 h1,#vamtam-column-ad385fb75c871ef65ef1dcd550c814b9 h2,#vamtam-column-ad385fb75c871ef65ef1dcd550c814b9 h3,#vamtam-column-ad385fb75c871ef65ef1dcd550c814b9 h4,#vamtam-column-ad385fb75c871ef65ef1dcd550c814b9 h5,#vamtam-column-ad385fb75c871ef65ef1dcd550c814b9 h6,#vamtam-column-ad385fb75c871ef65ef1dcd550c814b9 h1 a:not(:hover),#vamtam-column-ad385fb75c871ef65ef1dcd550c814b9 h2 a:not(:hover),#vamtam-column-ad385fb75c871ef65ef1dcd550c814b9 h3 a:not(:hover),#vamtam-column-ad385fb75c871ef65ef1dcd550c814b9 h4 a:not(:hover),#vamtam-column-ad385fb75c871ef65ef1dcd550c814b9 h5 a:not(:hover),#vamtam-column-ad385fb75c871ef65ef1dcd550c814b9 h6 a:not(:hover),#vamtam-column-ad385fb75c871ef65ef1dcd550c814b9 .column-title,#vamtam-column-ad385fb75c871ef65ef1dcd550c814b9 .sep-text h2.regular-title-wrapper,#vamtam-column-ad385fb75c871ef65ef1dcd550c814b9 .text-divider-double,#vamtam-column-ad385fb75c871ef65ef1dcd550c814b9 .sep-text .sep-text-line,#vamtam-column-ad385fb75c871ef65ef1dcd550c814b9 .sep,#vamtam-column-ad385fb75c871ef65ef1dcd550c814b9 .sep-2,#vamtam-column-ad385fb75c871ef65ef1dcd550c814b9 .sep-3,#vamtam-column-ad385fb75c871ef65ef1dcd550c814b9 .portfolio-filters .inner-wrapper .cbp-filter-item,#vamtam-column-ad385fb75c871ef65ef1dcd550c814b9 .portfolio-filters .inner-wrapper .cbp-filter-item:hover,#vamtam-column-ad385fb75c871ef65ef1dcd550c814b9 .portfolio-filters .inner-wrapper .cbp-filter-item.cbp-filter-item-active,#vamtam-column-ad385fb75c871ef65ef1dcd550c814b9 td,#vamtam-column-ad385fb75c871ef65ef1dcd550c814b9 th,#vamtam-column-ad385fb75c871ef65ef1dcd550c814b9 caption{color:#fff;}<\/style><div class=\"vamtam-blank-space \" style=\"height:130px\"><\/div>\n<div class=\"row \"><div class=\"vamtam-grid grid-1-1  grid-1-1  first unextended animation-from-bottom animated-active no-extended-padding\" style=\"padding-top:0.05px;padding-bottom:0.05px;\" id=\"vamtam-column-c5e301726314309fb7a158d4a98958b3\" >\t\t<div class=\"sep-text single centered\">\n\t\t\t\t\t\t\t<div class=\"sep-text-before\"><div class=\"sep-text-line\"><\/div><\/div>\n\t\t\t\t\t\t<div class=\"content\">\n\t\t\t\t<h2 class=\"text-divider-double\">\nCARTA\n<\/h2>\t\t\t<\/div>\n\t\t\t<div class=\"sep-text-after\"><div class=\"sep-text-line\"><\/div><\/div>\n\t\t\t\t\t<\/div>\n\t<\/div><\/div>\n<div class=\"vamtam-blank-space \" style=\"height:130px\"><\/div><\/div><\/div><\/div><\/div>\n<div class=\"row \"><div class=\"vamtam-grid grid-1-1 edicion-de-cartas vamtam-first-level grid-1-1 vamtam-add-ornaments-all first has-background extended no-extended-padding\" style=\"background-color:#F5F3F0;padding-top:50px;padding-bottom:50px;\" id=\"vamtam-column-bca2b062b212ac82cc5a4caa01391d3f\" ><div class=\"limit-wrapper\"><div class=\"extended-column-inner\"><style>#vamtam-column-bca2b062b212ac82cc5a4caa01391d3f,#vamtam-column-bca2b062b212ac82cc5a4caa01391d3f p,#vamtam-column-bca2b062b212ac82cc5a4caa01391d3f em,#vamtam-column-bca2b062b212ac82cc5a4caa01391d3f h1,#vamtam-column-bca2b062b212ac82cc5a4caa01391d3f h2,#vamtam-column-bca2b062b212ac82cc5a4caa01391d3f h3,#vamtam-column-bca2b062b212ac82cc5a4caa01391d3f h4,#vamtam-column-bca2b062b212ac82cc5a4caa01391d3f h5,#vamtam-column-bca2b062b212ac82cc5a4caa01391d3f h6,#vamtam-column-bca2b062b212ac82cc5a4caa01391d3f h1 a:not(:hover),#vamtam-column-bca2b062b212ac82cc5a4caa01391d3f h2 a:not(:hover),#vamtam-column-bca2b062b212ac82cc5a4caa01391d3f h3 a:not(:hover),#vamtam-column-bca2b062b212ac82cc5a4caa01391d3f h4 a:not(:hover),#vamtam-column-bca2b062b212ac82cc5a4caa01391d3f h5 a:not(:hover),#vamtam-column-bca2b062b212ac82cc5a4caa01391d3f h6 a:not(:hover),#vamtam-column-bca2b062b212ac82cc5a4caa01391d3f .column-title,#vamtam-column-bca2b062b212ac82cc5a4caa01391d3f .sep-text h2.regular-title-wrapper,#vamtam-column-bca2b062b212ac82cc5a4caa01391d3f .text-divider-double,#vamtam-column-bca2b062b212ac82cc5a4caa01391d3f .sep-text .sep-text-line,#vamtam-column-bca2b062b212ac82cc5a4caa01391d3f .sep,#vamtam-column-bca2b062b212ac82cc5a4caa01391d3f .sep-2,#vamtam-column-bca2b062b212ac82cc5a4caa01391d3f .sep-3,#vamtam-column-bca2b062b212ac82cc5a4caa01391d3f .portfolio-filters .inner-wrapper .cbp-filter-item,#vamtam-column-bca2b062b212ac82cc5a4caa01391d3f .portfolio-filters .inner-wrapper .cbp-filter-item:hover,#vamtam-column-bca2b062b212ac82cc5a4caa01391d3f .portfolio-filters .inner-wrapper .cbp-filter-item.cbp-filter-item-active,#vamtam-column-bca2b062b212ac82cc5a4caa01391d3f td,#vamtam-column-bca2b062b212ac82cc5a4caa01391d3f th,#vamtam-column-bca2b062b212ac82cc5a4caa01391d3f caption{color:#272727;}#vamtam-column-bca2b062b212ac82cc5a4caa01391d3f:before{background-color:#f5f3f0;}#vamtam-column-bca2b062b212ac82cc5a4caa01391d3f:after{background-color:#f5f3f0;}<\/style>\t\t<div class=\"sep-text single centered\">\n\t\t\t\t\t\t\t<div class=\"sep-text-before\"><div class=\"sep-text-line\"><\/div><\/div>\n\t\t\t\t\t\t<div class=\"content\">\n\t\t\t\t<h2 class=\"text-divider-double\">EDICI\u00d3N DE CARTAS DE MEN\u00da<\/h2>\t\t\t<\/div>\n\t\t\t<div class=\"sep-text-after\"><div class=\"sep-text-line\"><\/div><\/div>\n\t\t\t\t\t<\/div>\n\t<div class=\"row \"><div class=\"vamtam-grid grid-1-1  grid-1-1  first unextended no-extended-padding\" style=\"padding-top:0.05px;padding-bottom:0.05px;\" id=\"vamtam-column-9737047fef4fb3c9ba8a95ab7efed6b6\" >\t\t<div class=\"sep-text single centered\">\n\t\t\t\t\t\t\t<div class=\"sep-text-before\"><div class=\"sep-text-line\"><\/div><\/div>\n\t\t\t\t\t\t<div class=\"content\">\n\t\t\t\t<h2 class=\"text-divider-double\">IM\u00c1GENES ANTES DE LAS CARTAS<\/h2>\t\t\t<\/div>\n\t\t\t<div class=\"sep-text-after\"><div class=\"sep-text-line\"><\/div><\/div>\n\t\t\t\t\t<\/div>\n\t<div id='gallery-1' class='gallery galleryid-13903 gallery-columns-5 gallery-size-thumbnail'><figure class='gallery-item'>\n\t\t\t<div class='gallery-icon landscape'>\n\t\t\t\t<a href='https:\/\/gruptravi.com\/es\/xalet-de-montjuic\/elxaletcomida-4-copia\/'><img loading=\"lazy\" decoding=\"async\" width=\"150\" height=\"150\" src=\"https:\/\/gruptravi.com\/wp-content\/uploads\/2021\/07\/ElXaletComida-4-copia-150x150.jpg\" class=\"attachment-thumbnail size-thumbnail\" alt=\"\" srcset=\"https:\/\/gruptravi.com\/wp-content\/uploads\/2021\/07\/ElXaletComida-4-copia-150x150.jpg 150w, https:\/\/gruptravi.com\/wp-content\/uploads\/2021\/07\/ElXaletComida-4-copia-60x60.jpg 60w, https:\/\/gruptravi.com\/wp-content\/uploads\/2021\/07\/ElXaletComida-4-copia-43x43.jpg 43w, https:\/\/gruptravi.com\/wp-content\/uploads\/2021\/07\/ElXaletComida-4-copia-300x300.jpg 300w, https:\/\/gruptravi.com\/wp-content\/uploads\/2021\/07\/ElXaletComida-4-copia-100x100.jpg 100w, https:\/\/gruptravi.com\/wp-content\/uploads\/2021\/07\/ElXaletComida-4-copia-50x50.jpg 50w\" sizes=\"(max-width: 150px) 100vw, 150px\" \/><\/a>\n\t\t\t<\/div><\/figure><figure class='gallery-item'>\n\t\t\t<div class='gallery-icon landscape'>\n\t\t\t\t<a href='https:\/\/gruptravi.com\/es\/xalet-de-montjuic\/elxaletcomida-5-reducida\/'><img loading=\"lazy\" decoding=\"async\" width=\"150\" height=\"150\" src=\"https:\/\/gruptravi.com\/wp-content\/uploads\/2021\/07\/ElXaletComida-5-reducida-150x150.jpg\" class=\"attachment-thumbnail size-thumbnail\" alt=\"\" srcset=\"https:\/\/gruptravi.com\/wp-content\/uploads\/2021\/07\/ElXaletComida-5-reducida-150x150.jpg 150w, https:\/\/gruptravi.com\/wp-content\/uploads\/2021\/07\/ElXaletComida-5-reducida-60x60.jpg 60w, https:\/\/gruptravi.com\/wp-content\/uploads\/2021\/07\/ElXaletComida-5-reducida-43x43.jpg 43w, https:\/\/gruptravi.com\/wp-content\/uploads\/2021\/07\/ElXaletComida-5-reducida-300x300.jpg 300w, https:\/\/gruptravi.com\/wp-content\/uploads\/2021\/07\/ElXaletComida-5-reducida-100x100.jpg 100w, https:\/\/gruptravi.com\/wp-content\/uploads\/2021\/07\/ElXaletComida-5-reducida-50x50.jpg 50w\" sizes=\"(max-width: 150px) 100vw, 150px\" \/><\/a>\n\t\t\t<\/div><\/figure><figure class='gallery-item'>\n\t\t\t<div class='gallery-icon landscape'>\n\t\t\t\t<a href='https:\/\/gruptravi.com\/es\/xalet-de-montjuic\/elxaletcomida-3-copia\/'><img loading=\"lazy\" decoding=\"async\" width=\"150\" height=\"150\" src=\"https:\/\/gruptravi.com\/wp-content\/uploads\/2021\/07\/ElXaletComida-3-copia-150x150.jpg\" class=\"attachment-thumbnail size-thumbnail\" alt=\"\" srcset=\"https:\/\/gruptravi.com\/wp-content\/uploads\/2021\/07\/ElXaletComida-3-copia-150x150.jpg 150w, https:\/\/gruptravi.com\/wp-content\/uploads\/2021\/07\/ElXaletComida-3-copia-60x60.jpg 60w, https:\/\/gruptravi.com\/wp-content\/uploads\/2021\/07\/ElXaletComida-3-copia-43x43.jpg 43w, https:\/\/gruptravi.com\/wp-content\/uploads\/2021\/07\/ElXaletComida-3-copia-300x300.jpg 300w, https:\/\/gruptravi.com\/wp-content\/uploads\/2021\/07\/ElXaletComida-3-copia-100x100.jpg 100w, https:\/\/gruptravi.com\/wp-content\/uploads\/2021\/07\/ElXaletComida-3-copia-50x50.jpg 50w\" sizes=\"(max-width: 150px) 100vw, 150px\" \/><\/a>\n\t\t\t<\/div><\/figure><figure class='gallery-item'>\n\t\t\t<div class='gallery-icon landscape'>\n\t\t\t\t<a href='https:\/\/gruptravi.com\/es\/xalet-de-montjuic\/elxaletcomida-6-copia\/'><img loading=\"lazy\" decoding=\"async\" width=\"150\" height=\"150\" src=\"https:\/\/gruptravi.com\/wp-content\/uploads\/2021\/07\/ElXaletComida-6-copia-150x150.jpg\" class=\"attachment-thumbnail size-thumbnail\" alt=\"\" srcset=\"https:\/\/gruptravi.com\/wp-content\/uploads\/2021\/07\/ElXaletComida-6-copia-150x150.jpg 150w, https:\/\/gruptravi.com\/wp-content\/uploads\/2021\/07\/ElXaletComida-6-copia-60x60.jpg 60w, https:\/\/gruptravi.com\/wp-content\/uploads\/2021\/07\/ElXaletComida-6-copia-43x43.jpg 43w, https:\/\/gruptravi.com\/wp-content\/uploads\/2021\/07\/ElXaletComida-6-copia-300x300.jpg 300w, https:\/\/gruptravi.com\/wp-content\/uploads\/2021\/07\/ElXaletComida-6-copia-100x100.jpg 100w, https:\/\/gruptravi.com\/wp-content\/uploads\/2021\/07\/ElXaletComida-6-copia-50x50.jpg 50w\" sizes=\"(max-width: 150px) 100vw, 150px\" \/><\/a>\n\t\t\t<\/div><\/figure><figure class='gallery-item'>\n\t\t\t<div class='gallery-icon landscape'>\n\t\t\t\t<a href='https:\/\/gruptravi.com\/es\/xalet-de-montjuic\/elxaletcomida-5-copia\/'><img loading=\"lazy\" decoding=\"async\" width=\"150\" height=\"150\" src=\"https:\/\/gruptravi.com\/wp-content\/uploads\/2021\/07\/ElXaletComida-5-copia-150x150.jpg\" class=\"attachment-thumbnail size-thumbnail\" alt=\"\" srcset=\"https:\/\/gruptravi.com\/wp-content\/uploads\/2021\/07\/ElXaletComida-5-copia-150x150.jpg 150w, https:\/\/gruptravi.com\/wp-content\/uploads\/2021\/07\/ElXaletComida-5-copia-60x60.jpg 60w, https:\/\/gruptravi.com\/wp-content\/uploads\/2021\/07\/ElXaletComida-5-copia-43x43.jpg 43w, https:\/\/gruptravi.com\/wp-content\/uploads\/2021\/07\/ElXaletComida-5-copia-300x300.jpg 300w, https:\/\/gruptravi.com\/wp-content\/uploads\/2021\/07\/ElXaletComida-5-copia-100x100.jpg 100w, https:\/\/gruptravi.com\/wp-content\/uploads\/2021\/07\/ElXaletComida-5-copia-50x50.jpg 50w\" sizes=\"(max-width: 150px) 100vw, 150px\" \/><\/a>\n\t\t\t<\/div><\/figure>\n\t\t<\/div>\n<\/div><\/div>\n<div class=\"row \"><div class=\"vamtam-grid grid-1-1  grid-1-1  first unextended no-extended-padding\" style=\"padding-top:0.05px;padding-bottom:0.05px;\" id=\"vamtam-column-b54724c20e9cba187be4a5d3bf53ff48\" >\t\t<div class=\"sep-text single centered\">\n\t\t\t\t\t\t\t<div class=\"sep-text-before\"><div class=\"sep-text-line\"><\/div><\/div>\n\t\t\t\t\t\t<div class=\"content\">\n\t\t\t\t<h2 class=\"text-divider-double\">CARTA 1<\/h2>\t\t\t<\/div>\n\t\t\t<div class=\"sep-text-after\"><div class=\"sep-text-line\"><\/div><\/div>\n\t\t\t\t\t<\/div>\n\t<span class=\"vamtam-blank-space  vamtam-hide-lowres\" style=\"height:25px\"><\/span>\n<p class=\"textcenter\"><a href=\"\/wp-content\/uploads\/2025\/11\/Carta-ESP.pdf\" target=\"_blank\" style='font-size: 13px;' class=\"vamtam-button accent6  button-filled hover-accent1 \"><span class=\"btext\" data-text=\"VER CARTA COMPLETA\" style=\"color:#ffffff\">VER CARTA COMPLETA<\/span><\/a><\/p><\/div><\/div><\/div><\/div><\/div><\/div>\n<div class=\"vamtam-blank-space \" style=\"height:60px\"><\/div>\n<div class=\"limit-wrapper\"><div class=\"row \"><div class=\"vamtam-grid grid-1-1  vamtam-first-level grid-1-1  first unextended no-extended-padding\" style=\"padding-top:0.05px;padding-bottom:0.05px;\" id=\"vamtam-column-306bf27df7d0432a9ad2ac3040dc5099\" ><div class=\"vamtam-tabs horizontal\" id=\"tabs-1\"><ul class=\"ui-tabs-nav\"><li><a href=\"#tab-1-0-servicios\"> <span class=\"title-text\">Servicios<\/span><\/a><\/li><li><a href=\"#tab-1-1-noticias\"> <span class=\"title-text\">Noticias<\/span><\/a><\/li><\/ul><div class=\"pane tab-\" id=\"tab-1-0-servicios\"><div class=\"row \"><div class=\"vamtam-grid grid-1-4  grid-1-4  first unextended no-extended-padding\" style=\"padding-top:0.05px;padding-bottom:0.05px;\" id=\"vamtam-column-b01e64e6e88fa98e78784b758059e1f8\" ><p><img loading=\"lazy\" decoding=\"async\" class=\"alignnone size-medium wp-image-14900 aligncenter\" src=\"https:\/\/gruptravi.com\/wp-content\/uploads\/2021\/09\/celebracio-xalet-300x200.jpg\" alt=\"\" width=\"300\" height=\"200\" srcset=\"https:\/\/gruptravi.com\/wp-content\/uploads\/2021\/09\/celebracio-xalet-300x200.jpg 300w, https:\/\/gruptravi.com\/wp-content\/uploads\/2021\/09\/celebracio-xalet-292x194.jpg 292w, https:\/\/gruptravi.com\/wp-content\/uploads\/2021\/09\/celebracio-xalet.jpg 377w\" sizes=\"(max-width: 300px) 100vw, 300px\" \/><\/p><\/div>\n<div class=\"vamtam-grid grid-3-4  grid-3-4  unextended has-extended-padding\" style=\"padding-top:0.05px;padding-bottom:0.05px;\" id=\"vamtam-column-e4a888ac86b7f40ad69a830b29452e5f\" ><div class=\"row \"><div class=\"vamtam-grid grid-1-1  grid-1-1  first unextended no-extended-padding\" style=\"padding-top:0.05px;padding-bottom:0.05px;\" id=\"vamtam-column-58fd3661204fc97445325c5af9feed58\" ><h2>Eventos Xalet de Montju\u00efc<\/h2>\n<p>Celebra con nosotros cualquier tipo de acontecimiento. Nuestra experiencia, buen gusto y flexibilidad har\u00e1n que tu evento sea todo un \u00e9xito!<\/p><\/div><\/div>\n<div class=\"vamtam-blank-space  vamtam-hide-lowres\" style=\"margin-bottom:-20px\"><\/div>\n<div class=\"row \"><div class=\"vamtam-grid grid-1-4  grid-1-4  first unextended no-extended-padding\" style=\"padding-top:0.05px;padding-bottom:0.05px;\" id=\"vamtam-column-f5a9d3bb429dc8c150a07ee9a2cb7972\" ><p><strong>BODAS<\/strong><\/p>\n<p>C\u00e1sate con nosotros! Nuestro equipo est\u00e1 a tu disposici\u00f3n para hacer de tu boda un sue\u00f1o hecho realidad.<\/p><\/div>\n<div class=\"vamtam-grid grid-1-4  grid-1-4  unextended no-extended-padding\" style=\"padding-top:0.05px;padding-bottom:0.05px;\" id=\"vamtam-column-a502e3e4320efaea26d04c459e85bdb0\" ><p><strong>EMPRESAS<\/strong><\/p>\n<p>D\u00e9jate impresionar por los restaurantes m\u00e1s emblem\u00e1ticos de Barcelona con m\u00e1s de 30 a\u00f1os de experiencia a tu servicio.<\/p><\/div>\n<div class=\"vamtam-grid grid-1-4  grid-1-4  unextended no-extended-padding\" style=\"padding-top:0.05px;padding-bottom:0.05px;\" id=\"vamtam-column-0b9d761064471fec6a713693c0576e99\" ><p><strong>CELEBRACIONES<\/strong><\/p>\n<p>D\u00e9jate acoger por nuestra experiencia y pasi\u00f3n por la hosteler\u00eda. Haremos de tu fiesta un recuerdo inolvidable.<\/p><\/div>\n<div class=\"vamtam-grid grid-1-4  grid-1-4  unextended no-extended-padding\" style=\"padding-top:0.05px;padding-bottom:0.05px;\" id=\"vamtam-column-a0642733017b292ae8fe03b4c7d49e95\" ><p><strong>OTROS<\/strong><\/p>\n<p>Fiestas de Navidad,<br \/>\ncal\u00e7otadas, festividades\u2026 Cualquier excusa es buena para celebrarlo con nosotros.<\/p><\/div><\/div><\/div><\/div><\/div><div class=\"pane tab-\" id=\"tab-1-1-noticias\"><div class=\"row \"><div class=\"vamtam-grid grid-1-1  grid-1-1  first unextended has-extended-padding\" style=\"padding-top:0.05px;padding-bottom:0.05px;\" id=\"vamtam-column-d8c9d298cf5ed22c4dd16e33c40d86c8\" ><div class=\"row \"><div class=\"vamtam-grid grid-1-1  grid-1-1  first unextended no-extended-padding\" style=\"padding-top:0.05px;padding-bottom:0.05px;\" id=\"vamtam-column-93a8b5c262569ccccb5320e5539d4cfc\" ><h2>\u00a0 \u00a0 \u00a0 \u00a0 \u00a0 \u00a0 \u00a0 \u00a0 Noticias Xalet de Montju\u00efc<\/h2><\/div><\/div>\n<div class=\"vamtam-blank-space  vamtam-hide-lowres\" style=\"margin-bottom:-20px\"><\/div>\n<div class=\"row \"><div class=\"vamtam-grid grid-1-3  grid-1-3  first unextended animation-from-bottom animated-active no-extended-padding\" style=\"padding-top:0.05px;padding-bottom:0.05px;\" id=\"vamtam-column-9845ecbeb2d77c5cb0ec044cb03aba23\" ><p style=\"text-align: center;\"><strong>EVENTOS DESTACADOS XALET DE MONTJUIC<\/strong><\/p>\n<p><a href=\"https:\/\/gruptravi.com\/es\/eventos-destacados-en-el-xalet-de-montjuic\/\"><img loading=\"lazy\" decoding=\"async\" class=\"aligncenter wp-image-16668\" src=\"https:\/\/gruptravi.com\/wp-content\/uploads\/2024\/04\/Fiesta-Xalet-de-Montjuic-150x150.jpg\" alt=\"\" width=\"200\" height=\"267\" srcset=\"https:\/\/gruptravi.com\/wp-content\/uploads\/2024\/04\/Fiesta-Xalet-de-Montjuic-225x300.jpg 225w, https:\/\/gruptravi.com\/wp-content\/uploads\/2024\/04\/Fiesta-Xalet-de-Montjuic-768x1024.jpg 768w, https:\/\/gruptravi.com\/wp-content\/uploads\/2024\/04\/Fiesta-Xalet-de-Montjuic-615x820.jpg 615w, https:\/\/gruptravi.com\/wp-content\/uploads\/2024\/04\/Fiesta-Xalet-de-Montjuic-400x533.jpg 400w, https:\/\/gruptravi.com\/wp-content\/uploads\/2024\/04\/Fiesta-Xalet-de-Montjuic-800x1066.jpg 800w, https:\/\/gruptravi.com\/wp-content\/uploads\/2024\/04\/Fiesta-Xalet-de-Montjuic-292x389.jpg 292w, https:\/\/gruptravi.com\/wp-content\/uploads\/2024\/04\/Fiesta-Xalet-de-Montjuic-585x780.jpg 585w, https:\/\/gruptravi.com\/wp-content\/uploads\/2024\/04\/Fiesta-Xalet-de-Montjuic.jpg 878w\" sizes=\"(max-width: 200px) 100vw, 200px\" \/><\/a><\/p><\/div>\n<div class=\"vamtam-grid grid-1-3  grid-1-3  unextended animation-from-bottom animated-active no-extended-padding\" style=\"padding-top:0.05px;padding-bottom:0.05px;\" id=\"vamtam-column-4825e4bcf93110059ff1348787775f46\" ><p style=\"text-align: center;\"><b>\u00a0 \u00a0FERIA ALIMENTARIA BARCELONA<\/b><\/p>\n<p style=\"text-align: center;\"><a href=\"https:\/\/gruptravi.com\/es\/el-xalet-en-la-feria-alimentaria\/\"><img loading=\"lazy\" decoding=\"async\" class=\"aligncenter wp-image-16589\" src=\"https:\/\/gruptravi.com\/wp-content\/uploads\/2024\/03\/cartel_alimentaria_24-2-212x300.png\" alt=\"\" width=\"189\" height=\"267\" srcset=\"https:\/\/gruptravi.com\/wp-content\/uploads\/2024\/03\/cartel_alimentaria_24-2-212x300.png 212w, https:\/\/gruptravi.com\/wp-content\/uploads\/2024\/03\/cartel_alimentaria_24-2-615x871.png 615w, https:\/\/gruptravi.com\/wp-content\/uploads\/2024\/03\/cartel_alimentaria_24-2-400x567.png 400w, https:\/\/gruptravi.com\/wp-content\/uploads\/2024\/03\/cartel_alimentaria_24-2-292x414.png 292w, https:\/\/gruptravi.com\/wp-content\/uploads\/2024\/03\/cartel_alimentaria_24-2-585x829.png 585w, https:\/\/gruptravi.com\/wp-content\/uploads\/2024\/03\/cartel_alimentaria_24-2.png 667w\" sizes=\"(max-width: 189px) 100vw, 189px\" \/><\/a><\/p><\/div>\n<div class=\"vamtam-grid grid-1-3  grid-1-3  unextended animation-from-bottom animated-active no-extended-padding\" style=\"padding-top:0.05px;padding-bottom:0.05px;\" id=\"vamtam-column-e0342e6f1e5d26aced1597a9cb5eb793\" ><p style=\"text-align: center;\"><b>\u00a0MOBILE WORLD CONGRESS 2024<\/b><\/p>\n<p><a href=\"https:\/\/gruptravi.com\/es\/mwc-2024%c2%b7-mwc-2024-un-ano-mas-en-barcelona\/\"><img loading=\"lazy\" decoding=\"async\" class=\"size-medium wp-image-16548 aligncenter\" src=\"https:\/\/gruptravi.com\/wp-content\/uploads\/2016\/02\/logo-MWC-WEB-293x300.jpg\" alt=\"MWC 2024\" width=\"293\" height=\"300\" srcset=\"https:\/\/gruptravi.com\/wp-content\/uploads\/2016\/02\/logo-MWC-WEB-293x300.jpg 293w, https:\/\/gruptravi.com\/wp-content\/uploads\/2016\/02\/logo-MWC-WEB-60x60.jpg 60w, https:\/\/gruptravi.com\/wp-content\/uploads\/2016\/02\/logo-MWC-WEB-43x43.jpg 43w, https:\/\/gruptravi.com\/wp-content\/uploads\/2016\/02\/logo-MWC-WEB-615x629.jpg 615w, https:\/\/gruptravi.com\/wp-content\/uploads\/2016\/02\/logo-MWC-WEB-400x409.jpg 400w, https:\/\/gruptravi.com\/wp-content\/uploads\/2016\/02\/logo-MWC-WEB-292x299.jpg 292w, https:\/\/gruptravi.com\/wp-content\/uploads\/2016\/02\/logo-MWC-WEB-585x598.jpg 585w, https:\/\/gruptravi.com\/wp-content\/uploads\/2016\/02\/logo-MWC-WEB.jpg 783w\" sizes=\"(max-width: 293px) 100vw, 293px\" \/><\/a><\/p><\/div><\/div><\/div><\/div><\/div><\/div><style>#tabs-1 .ui-tabs-nav li,#tabs-1 .ui-tabs-nav li a,#tabs-1 .ui-tabs-nav li a .icon{color:#000;}#tabs-1 .ui-tabs-nav .ui-state-active,#tabs-1 .ui-tabs-nav .ui-state-selected,#tabs-1 .ui-tabs-nav .ui-state-hover{background:transparent;}#tabs-1 .ui-tabs-nav .ui-state-active,#tabs-1 .ui-tabs-nav .ui-state-active a,#tabs-1 .ui-tabs-nav .ui-state-active a .icon,#tabs-1 .ui-tabs-nav .ui-state-selected,#tabs-1 .ui-tabs-nav .ui-state-selected a,#tabs-1 .ui-tabs-nav .ui-state-selected a .icon,#tabs-1 .ui-tabs-nav .ui-state-hover,#tabs-1 .ui-tabs-nav .ui-state-hover a,#tabs-1 .ui-tabs-nav .ui-state-hover a .icon{color:#cd9b33;}#tabs-1 .pane{background:transparent;}<\/style><\/div><\/div><\/div>\n<div class=\"vamtam-blank-space  vamtam-hide-lowres\" style=\"height:30px\"><\/div>\n<div class=\"vamtam-blank-space \" style=\"height:30px\"><\/div>\n<div class=\"limit-wrapper\"><div class=\"row \"><div class=\"vamtam-grid grid-1-1  vamtam-first-level grid-1-1  first unextended no-extended-padding\" style=\"padding-top:0.05px;padding-bottom:0.05px;\" id=\"vamtam-column-fa2228fedbf356d7fde001e2315e2a68\" ><\/div><\/div><\/div>\n<div class=\"vamtam-blank-space  vamtam-hide-lowres\" style=\"height:30px\"><\/div>\n<div class=\"limit-wrapper\"><div class=\"row \"><div class=\"vamtam-grid grid-1-1  vamtam-first-level grid-1-1  first unextended no-extended-padding\" style=\"padding-top:60px;padding-bottom:40px;\" id=\"vamtam-column-b52ff1db2c54225fc3c116c04f976483\" ><div class=\"row \"><div class=\"vamtam-grid grid-1-1  grid-1-1  first unextended animation-fade-in animated-active no-extended-padding\" style=\"padding-top:0.05px;padding-bottom:0.05px;\" id=\"vamtam-column-3c5304b8583e9b63a998a899fd6bce9e\" ><p><img loading=\"lazy\" decoding=\"async\" class=\"centrada size-medium wp-image-13919 aligncenter\" src=\"\/wp-content\/uploads\/2021\/06\/el-xalet-de-montjuic-logo-1-300x211.png\" alt=\"\" width=\"300\" height=\"211\" srcset=\"https:\/\/gruptravi.com\/wp-content\/uploads\/2021\/06\/el-xalet-de-montjuic-logo-1-300x211.png 300w, https:\/\/gruptravi.com\/wp-content\/uploads\/2021\/06\/el-xalet-de-montjuic-logo-1-615x432.png 615w, https:\/\/gruptravi.com\/wp-content\/uploads\/2021\/06\/el-xalet-de-montjuic-logo-1-400x281.png 400w, https:\/\/gruptravi.com\/wp-content\/uploads\/2021\/06\/el-xalet-de-montjuic-logo-1-800x562.png 800w, https:\/\/gruptravi.com\/wp-content\/uploads\/2021\/06\/el-xalet-de-montjuic-logo-1-292x205.png 292w, https:\/\/gruptravi.com\/wp-content\/uploads\/2021\/06\/el-xalet-de-montjuic-logo-1-585x411.png 585w, https:\/\/gruptravi.com\/wp-content\/uploads\/2021\/06\/el-xalet-de-montjuic-logo-1-600x422.png 600w, https:\/\/gruptravi.com\/wp-content\/uploads\/2021\/06\/el-xalet-de-montjuic-logo-1.png 899w\" sizes=\"(max-width: 300px) 100vw, 300px\" \/><\/p>\n<p>\t<div class=\"wtwp-testimonials-slider-wrp wptww-clearfix \" data-conf=\"{&quot;slides_column&quot;:1,&quot;slides_scroll&quot;:1,&quot;dots&quot;:&quot;true&quot;,&quot;arrows&quot;:&quot;true&quot;,&quot;autoplay&quot;:&quot;true&quot;,&quot;autoplay_interval&quot;:&quot;10000&quot;,&quot;rtl&quot;:&quot;false&quot;,&quot;speed&quot;:&quot;1000&quot;,&quot;adaptive_height&quot;:&quot;false&quot;}\">\n\t\t<div id=\"wptww-testimonials-slidelist-1\" class=\"wptww-testimonials-slidelist design-1\">\n\t\t<div class=\"wptww-quote\">\r\n\t<div class=\"wptww-testimonial-left\">\r\n\t\t\t\t\t<div class=\"wptww-avtar-image\"><\/div>\r\n\t\t\t<\/div>\r\n\t<div class=\"wptww-testimonial-content\">\r\n\t\t<i class=\"fa fa-quote-left\"><\/i>\r\n\t\t<h4>Xalet de Montju\u00efc<\/h4>\r\n\t\t<div class=\"wptww-testimonials-text\">\r\n\t\t\t<p>\r\n\t\t\t\t <em> Celebraciones viendo el skyline de Barcelona, con la plataforma giratoria nadie se queda sin primera fila. La comida, todo muy bueno.  <\/em> \t\t\t<\/p>\r\n\t\t<\/div>\r\n\t<\/div>\r\n\t<\/div><div class=\"wptww-quote\">\r\n\t<div class=\"wptww-testimonial-left\">\r\n\t\t\t\t\t<div class=\"wptww-avtar-image\"><\/div>\r\n\t\t\t<\/div>\r\n\t<div class=\"wptww-testimonial-content\">\r\n\t\t<i class=\"fa fa-quote-left\"><\/i>\r\n\t\t<h4>Xalet de Montju\u00efc<\/h4>\r\n\t\t<div class=\"wptww-testimonials-text\">\r\n\t\t\t<p>\r\n\t\t\t\t <em> Un lugar precioso con unas vistas de la ciudad inmejorables desde unas terrazas donde se puede disfrutar de una buena comida. El servicio es muy eficiente, r\u00e1pido y cordial con el cliente. La carta es variada y tiene un amplio salido de platos, aunque destacar\u00eda sus postres, que son una delicia. Para repetir sin duda. <\/em> \t\t\t<\/p>\r\n\t\t<\/div>\r\n\t<\/div>\r\n\t<\/div><div class=\"wptww-quote\">\r\n\t<div class=\"wptww-testimonial-left\">\r\n\t\t\t\t\t<div class=\"wptww-avtar-image\"><\/div>\r\n\t\t\t<\/div>\r\n\t<div class=\"wptww-testimonial-content\">\r\n\t\t<i class=\"fa fa-quote-left\"><\/i>\r\n\t\t<h4>Xalet de Montju\u00efc<\/h4>\r\n\t\t<div class=\"wptww-testimonials-text\">\r\n\t\t\t<p>\r\n\t\t\t\t <em> Un lugar acogedor unas vistas inmejorables. Las sillas muy c\u00f3modas. El servicio muy atento. La carta muy acertada. No sabr\u00eda que recomendar !!! Todo estaba genial, de calidad y una presentaci\u00f3n muy cuidada. Ahh y tambi\u00e9n tienen c\u00f3ctel !!!! Os enamorar\u00e9is del local, es muy bonito <\/em> \t\t\t<\/p>\r\n\t\t<\/div>\r\n\t<\/div>\r\n\t<\/div>\t\t<\/div>\n\t<\/div>\n\n\t<\/p><\/div><\/div><\/div><\/div><\/div>\n<div class=\"vamtam-blank-space  vamtam-hide-lowres\" style=\"height:100px\"><\/div>\n","protected":false},"excerpt":{"rendered":"<p>Un lugar acogedor unas vistas inmejorables. Las sillas muy c\u00f3modas. El servicio muy atento. La carta muy acertada. No sabr\u00eda que recomendar !!! Todo estaba genial, de calidad y una presentaci\u00f3n muy cuidada. Ahh y tambi\u00e9n tienen c\u00f3ctel !!!! Os&#8230;<\/p>\n","protected":false},"author":3,"featured_media":0,"parent":0,"menu_order":0,"comment_status":"closed","ping_status":"closed","template":"","meta":{"footnotes":""},"yoast_head":"<!-- This site is optimized with the Yoast SEO plugin v24.5 - https:\/\/yoast.com\/wordpress\/plugins\/seo\/ -->\n<title>Xalet de Montjuic - Grup Travi<\/title>\n<meta name=\"description\" content=\"El Xalet de Montju\u00efc. Cocina mediterr\u00e1nea con toques de autor que combina creatividad y excelente materia prima en todos sus platos.\" \/>\n<meta name=\"robots\" content=\"index, follow, max-snippet:-1, max-image-preview:large, max-video-preview:-1\" \/>\n<link rel=\"canonical\" href=\"https:\/\/gruptravi.com\/es\/xalet-de-montjuic\/\" \/>\n<meta property=\"og:locale\" content=\"es_ES\" \/>\n<meta property=\"og:type\" content=\"article\" \/>\n<meta property=\"og:title\" content=\"Xalet de Montju\u00efc\" \/>\n<meta property=\"og:description\" content=\"El Xalet de Montju\u00efc. Cocina mediterr\u00e1nea con toques de autor que combina creatividad y excelente materia prima en todos sus platos.\" \/>\n<meta property=\"og:url\" content=\"https:\/\/gruptravi.com\/es\/xalet-de-montjuic\/\" \/>\n<meta property=\"og:site_name\" content=\"Grup Travi\" \/>\n<meta property=\"article:modified_time\" content=\"2026-04-07T10:52:24+00:00\" \/>\n<meta property=\"og:image\" content=\"https:\/\/gruptravi.com\/wp-content\/uploads\/2021\/06\/el-xalet-de-montjuic-logo-1.png\" \/>\n\t<meta property=\"og:image:width\" content=\"899\" \/>\n\t<meta property=\"og:image:height\" content=\"632\" \/>\n\t<meta property=\"og:image:type\" content=\"image\/png\" \/>\n<meta name=\"twitter:card\" content=\"summary_large_image\" \/>\n<meta name=\"twitter:title\" content=\"Xalet de Montju\u00efc\" \/>\n<meta name=\"twitter:description\" content=\"El Xalet de Montju\u00efc. Cocina mediterr\u00e1nea con toques de autor que combina creatividad y excelente materia prima en todos sus platos.\" \/>\n<meta name=\"twitter:image\" content=\"https:\/\/gruptravi.com\/wp-content\/uploads\/2021\/06\/el-xalet-de-montjuic-logo-1.png\" \/>\n<meta name=\"twitter:label1\" content=\"Tiempo de lectura\" \/>\n\t<meta name=\"twitter:data1\" content=\"6 minutos\" \/>\n<script type=\"application\/ld+json\" class=\"yoast-schema-graph\">{\"@context\":\"https:\/\/schema.org\",\"@graph\":[{\"@type\":\"WebPage\",\"@id\":\"https:\/\/gruptravi.com\/es\/xalet-de-montjuic\/\",\"url\":\"https:\/\/gruptravi.com\/es\/xalet-de-montjuic\/\",\"name\":\"Xalet de Montjuic - Grup Travi\",\"isPartOf\":{\"@id\":\"https:\/\/gruptravi.com\/ca\/#website\"},\"primaryImageOfPage\":{\"@id\":\"https:\/\/gruptravi.com\/es\/xalet-de-montjuic\/#primaryimage\"},\"image\":{\"@id\":\"https:\/\/gruptravi.com\/es\/xalet-de-montjuic\/#primaryimage\"},\"thumbnailUrl\":\"https:\/\/gruptravi.com\/wp-content\/uploads\/2024\/03\/Portada-CAST-min-300x213.png\",\"datePublished\":\"2021-06-22T08:07:10+00:00\",\"dateModified\":\"2026-04-07T10:52:24+00:00\",\"description\":\"El Xalet de Montju\u00efc. Cocina mediterr\u00e1nea con toques de autor que combina creatividad y excelente materia prima en todos sus platos.\",\"breadcrumb\":{\"@id\":\"https:\/\/gruptravi.com\/es\/xalet-de-montjuic\/#breadcrumb\"},\"inLanguage\":\"es\",\"potentialAction\":[{\"@type\":\"ReadAction\",\"target\":[\"https:\/\/gruptravi.com\/es\/xalet-de-montjuic\/\"]}]},{\"@type\":\"ImageObject\",\"inLanguage\":\"es\",\"@id\":\"https:\/\/gruptravi.com\/es\/xalet-de-montjuic\/#primaryimage\",\"url\":\"https:\/\/gruptravi.com\/wp-content\/uploads\/2024\/03\/Portada-CAST-min-300x213.png\",\"contentUrl\":\"https:\/\/gruptravi.com\/wp-content\/uploads\/2024\/03\/Portada-CAST-min-300x213.png\"},{\"@type\":\"BreadcrumbList\",\"@id\":\"https:\/\/gruptravi.com\/es\/xalet-de-montjuic\/#breadcrumb\",\"itemListElement\":[{\"@type\":\"ListItem\",\"position\":1,\"name\":\"Portada\",\"item\":\"https:\/\/gruptravi.com\/es\/\"},{\"@type\":\"ListItem\",\"position\":2,\"name\":\"Xalet de Montjuic\"}]},{\"@type\":\"WebSite\",\"@id\":\"https:\/\/gruptravi.com\/ca\/#website\",\"url\":\"https:\/\/gruptravi.com\/ca\/\",\"name\":\"Grup Travi\",\"description\":\"\",\"potentialAction\":[{\"@type\":\"SearchAction\",\"target\":{\"@type\":\"EntryPoint\",\"urlTemplate\":\"https:\/\/gruptravi.com\/ca\/?s={search_term_string}\"},\"query-input\":{\"@type\":\"PropertyValueSpecification\",\"valueRequired\":true,\"valueName\":\"search_term_string\"}}],\"inLanguage\":\"es\"}]}<\/script>\n<!-- \/ Yoast SEO plugin. -->","yoast_head_json":{"title":"Xalet de Montjuic - Grup Travi","description":"El Xalet de Montju\u00efc. Cocina mediterr\u00e1nea con toques de autor que combina creatividad y excelente materia prima en todos sus platos.","robots":{"index":"index","follow":"follow","max-snippet":"max-snippet:-1","max-image-preview":"max-image-preview:large","max-video-preview":"max-video-preview:-1"},"canonical":"https:\/\/gruptravi.com\/es\/xalet-de-montjuic\/","og_locale":"es_ES","og_type":"article","og_title":"Xalet de Montju\u00efc","og_description":"El Xalet de Montju\u00efc. Cocina mediterr\u00e1nea con toques de autor que combina creatividad y excelente materia prima en todos sus platos.","og_url":"https:\/\/gruptravi.com\/es\/xalet-de-montjuic\/","og_site_name":"Grup Travi","article_modified_time":"2026-04-07T10:52:24+00:00","og_image":[{"width":899,"height":632,"url":"https:\/\/gruptravi.com\/wp-content\/uploads\/2021\/06\/el-xalet-de-montjuic-logo-1.png","type":"image\/png"}],"twitter_card":"summary_large_image","twitter_title":"Xalet de Montju\u00efc","twitter_description":"El Xalet de Montju\u00efc. Cocina mediterr\u00e1nea con toques de autor que combina creatividad y excelente materia prima en todos sus platos.","twitter_image":"https:\/\/gruptravi.com\/wp-content\/uploads\/2021\/06\/el-xalet-de-montjuic-logo-1.png","twitter_misc":{"Tiempo de lectura":"6 minutos"},"schema":{"@context":"https:\/\/schema.org","@graph":[{"@type":"WebPage","@id":"https:\/\/gruptravi.com\/es\/xalet-de-montjuic\/","url":"https:\/\/gruptravi.com\/es\/xalet-de-montjuic\/","name":"Xalet de Montjuic - Grup Travi","isPartOf":{"@id":"https:\/\/gruptravi.com\/ca\/#website"},"primaryImageOfPage":{"@id":"https:\/\/gruptravi.com\/es\/xalet-de-montjuic\/#primaryimage"},"image":{"@id":"https:\/\/gruptravi.com\/es\/xalet-de-montjuic\/#primaryimage"},"thumbnailUrl":"https:\/\/gruptravi.com\/wp-content\/uploads\/2024\/03\/Portada-CAST-min-300x213.png","datePublished":"2021-06-22T08:07:10+00:00","dateModified":"2026-04-07T10:52:24+00:00","description":"El Xalet de Montju\u00efc. Cocina mediterr\u00e1nea con toques de autor que combina creatividad y excelente materia prima en todos sus platos.","breadcrumb":{"@id":"https:\/\/gruptravi.com\/es\/xalet-de-montjuic\/#breadcrumb"},"inLanguage":"es","potentialAction":[{"@type":"ReadAction","target":["https:\/\/gruptravi.com\/es\/xalet-de-montjuic\/"]}]},{"@type":"ImageObject","inLanguage":"es","@id":"https:\/\/gruptravi.com\/es\/xalet-de-montjuic\/#primaryimage","url":"https:\/\/gruptravi.com\/wp-content\/uploads\/2024\/03\/Portada-CAST-min-300x213.png","contentUrl":"https:\/\/gruptravi.com\/wp-content\/uploads\/2024\/03\/Portada-CAST-min-300x213.png"},{"@type":"BreadcrumbList","@id":"https:\/\/gruptravi.com\/es\/xalet-de-montjuic\/#breadcrumb","itemListElement":[{"@type":"ListItem","position":1,"name":"Portada","item":"https:\/\/gruptravi.com\/es\/"},{"@type":"ListItem","position":2,"name":"Xalet de Montjuic"}]},{"@type":"WebSite","@id":"https:\/\/gruptravi.com\/ca\/#website","url":"https:\/\/gruptravi.com\/ca\/","name":"Grup Travi","description":"","potentialAction":[{"@type":"SearchAction","target":{"@type":"EntryPoint","urlTemplate":"https:\/\/gruptravi.com\/ca\/?s={search_term_string}"},"query-input":{"@type":"PropertyValueSpecification","valueRequired":true,"valueName":"search_term_string"}}],"inLanguage":"es"}]}},"_links":{"self":[{"href":"https:\/\/gruptravi.com\/es\/wp-json\/wp\/v2\/pages\/13903"}],"collection":[{"href":"https:\/\/gruptravi.com\/es\/wp-json\/wp\/v2\/pages"}],"about":[{"href":"https:\/\/gruptravi.com\/es\/wp-json\/wp\/v2\/types\/page"}],"author":[{"embeddable":true,"href":"https:\/\/gruptravi.com\/es\/wp-json\/wp\/v2\/users\/3"}],"replies":[{"embeddable":true,"href":"https:\/\/gruptravi.com\/es\/wp-json\/wp\/v2\/comments?post=13903"}],"version-history":[{"count":61,"href":"https:\/\/gruptravi.com\/es\/wp-json\/wp\/v2\/pages\/13903\/revisions"}],"predecessor-version":[{"id":17950,"href":"https:\/\/gruptravi.com\/es\/wp-json\/wp\/v2\/pages\/13903\/revisions\/17950"}],"wp:attachment":[{"href":"https:\/\/gruptravi.com\/es\/wp-json\/wp\/v2\/media?parent=13903"}],"curies":[{"name":"wp","href":"https:\/\/api.w.org\/{rel}","templated":true}]}}